{"id":15,"date":"2017-07-19T09:49:30","date_gmt":"2017-07-19T09:49:30","guid":{"rendered":"http:\/\/caravan.reisemobile-kusz.de\/?page_id=15"},"modified":"2026-04-27T07:26:54","modified_gmt":"2026-04-27T06:26:54","slug":"home","status":"publish","type":"page","link":"https:\/\/www.reisemobile-kusz.de\/en\/","title":{"rendered":"HOME"},"content":{"rendered":"<\/div><\/div><\/div><!-- close content main div --><\/div><\/div><div id='av_section_1' class='avia-section main_color avia-section-no-padding avia-no-border-styling avia-full-contain avia-bg-style-fixed   av-small-hide av-mini-hide av-minimum-height av-minimum-height-100 container_wrap sidebar_right' style = 'background-repeat: no-repeat; background-image: url(https:\/\/www.reisemobile-kusz.de\/wp-content\/uploads\/CaraCore-1.png); background-attachment: fixed; background-position: center center; ' data-section-bg-repeat='contain' ><div class='av-section-color-overlay-wrap'><a href='#next-section' title='' class='scroll-down-link' aria-hidden='true' data-av_icon='\ue877' data-av_iconfont='entypo-fontello'><\/a><div class='container' ><div class='template-page content  av-content-small alpha units'><div class='post-entry post-entry-type-page post-entry-15'><div class='entry-content-wrapper clearfix'>\n<div class=\"flex_column av_one_half  flex_column_div av-zero-column-padding first\" style='border-radius:0px; '><p><div style='padding-bottom:15px;color:#ffffff;font-size:35px;' class='av-special-heading av-special-heading-h1 custom-color-heading blockquote modern-quote  av-inherit-size'><h1 class='av-special-heading-tag'  itemprop=\"headline\"  ><span style=\"background-color: #c42628;\">Mietflotte 2026 &#8211; \u00dcberall Zuhause<\/span><\/h1><div class='special-heading-border'><div class='special-heading-inner-border' style='border-color:#ffffff'><\/div><\/div><\/div><br \/>\n<div class='avia-button-wrap avia-button-left'><a href='https:\/\/www.reisemobile-kusz.de\/en\/vermietung\/' class='avia-button   av-mini-hide avia-icon_select-no avia-color-custom avia-size-large avia-position-left'  target=\"_blank\"  style='background-color:; border-color:; color:; ' ><span class='avia_iconbox_title' >Zur Fahrzeug\u00fcbersicht<\/span><\/a><\/div><\/p><\/div>\n<\/div><\/div><\/div><!-- close content main div --><\/div><\/div><\/div><div id='after_section_1' class='main_color av_default_container_wrap container_wrap sidebar_right'   ><div class='container' ><div class='template-page content  av-content-small alpha units'><div class='post-entry post-entry-type-page post-entry-15'><div class='entry-content-wrapper clearfix'>\n<\/div><\/div><\/div><!-- close content main div --><\/div><\/div><div id='av_section_2' class='avia-section main_color avia-section-no-padding avia-no-border-styling av-parallax-section avia-bg-style-parallax   av-desktop-hide av-medium-hide av-minimum-height av-minimum-height-custom container_wrap sidebar_right'  data-section-bg-repeat='no-repeat' ><div class='av-parallax' data-avia-parallax-ratio='0.3' ><div class='av-parallax-inner main_color  avia-full-stretch' style = 'background-repeat: no-repeat; background-image: url(https:\/\/www.reisemobile-kusz.de\/wp-content\/uploads\/Design-ohne-Titel-9.png); background-attachment: scroll; background-position: center right; ' ><\/div><\/div><div class='av-section-color-overlay-wrap'><a href='#next-section' title='' class='scroll-down-link' aria-hidden='true' data-av_icon='\ue877' data-av_iconfont='entypo-fontello'><\/a><div class='container' style='height:200px'><div class='template-page content  av-content-small alpha units'><div class='post-entry post-entry-type-page post-entry-15'><div class='entry-content-wrapper clearfix'>\n<div class=\"flex_column av_one_half  flex_column_div av-zero-column-padding first\" style='border-radius:0px; '><p><div style='padding-bottom:15px;color:#ffffff;font-size:22px;' class='av-special-heading av-special-heading-h1 custom-color-heading blockquote modern-quote  av-inherit-size'><h1 class='av-special-heading-tag'  itemprop=\"headline\"  ><span style=\"background-color: #c42628;\">Mietflotte 2026 &#8211; \u00dcberall Zuhause<\/span><\/h1><div class='special-heading-border'><div class='special-heading-inner-border' style='border-color:#ffffff'><\/div><\/div><\/div><br \/>\n<div class='avia-button-wrap avia-button-left'><a href='https:\/\/www.reisemobile-kusz.de\/en\/vermietung\/' class='avia-button   avia-icon_select-no avia-color-custom avia-size-small avia-position-left'  target=\"_blank\"  style='background-color:; border-color:; color:; ' ><span class='avia_iconbox_title' >Zur Fahrzeug\u00fcbersicht<\/span><\/a><\/div><\/p><\/div>\n<\/div><\/div><\/div><!-- close content main div --><\/div><\/div><\/div><div id='after_section_2' class='main_color av_default_container_wrap container_wrap sidebar_right'   ><div class='container' ><div class='template-page content  av-content-small alpha units'><div class='post-entry post-entry-type-page post-entry-15'><div class='entry-content-wrapper clearfix'>\n<div class=\"flex_column av_two_third  flex_column_div av-zero-column-padding first\" style='border-radius:0px; '><section class=\"av_textblock_section\"  itemscope=\"itemscope\" itemtype=\"https:\/\/schema.org\/CreativeWork\" ><div class='avia_textblock'   itemprop=\"text\" ><h3><span style=\"color: #c42628;\"><strong>Welcome to Reisemobile Kusz in G\u00f6ttingen - your specialist for motorhomes and caravans in the South of Lower Saxony <span style=\"color: #c42628;\">und<\/span> Caravan Spezialist in S\u00fcdniedersachsen<\/strong><\/span><\/h3>\n<p>Active in the caravan industry since 1966, we are located in the heart of Germany and offer you a large selection of motorhomes and caravans on a 3,000 square meter exhibition area.<\/p>\n<p>Auf dem Gel\u00e4nde werden sowohl neue Reisemobile als auch Wohnwagen der Firmen <span style=\"color: #000000;\"><a href=\"https:\/\/www.chausson-reisemobile.de\" target=\"_blank\" rel=\"noopener\"><span style=\"color: #c42628;\"><strong>Chausson\u00a0<\/strong><\/span><\/a><\/span>und\u00a0<span style=\"color: #000000;\"><a href=\"https:\/\/weinsberg.com\/\" target=\"_blank\" rel=\"noopener\"><strong>Weinsberg<\/strong><\/a>, <\/span>sowie gebrauchte aller Hersteller angeboten.<\/p>\n<p>In addition to our camping shop and a fully equipped workshop, motorhomes are also available for rent all year round. As a service partner and authorized dealer of numerous large companies, we are able to offer you the best possible service.<\/p>\n<p>If you have any questions, please contact us by email or phone and we will be happy to help and advise you.<\/p>\n<\/div><\/section><\/div>\n<div class=\"flex_column av_one_third  flex_column_div av-zero-column-padding\" style='border-radius:0px; '><\/div>\n<div style='height:75px' class='hr hr-invisible'><span class='hr-inner' ><span class='hr-inner-style'><\/span><\/span><\/div>\n<div class=\"flex_column av_one_fourth  flex_column_div av-zero-column-padding first\" style='border-radius:0px; '><p><div class='avia-image-container  av-styling-no-styling av-hover-grow   avia-align-center'  itemscope=\"itemscope\" itemtype=\"https:\/\/schema.org\/ImageObject\"  ><div class='avia-image-container-inner'><a href='https:\/\/www.reisemobile-kusz.de\/en\/fahrzeugbestand\/' class='avia_image'   target=\"_blank\" ><img class='avia_image' src='https:\/\/www.reisemobile-kusz.de\/wp-content\/uploads\/1-1-845x684.jpg' alt='' title='1'  itemprop=\"thumbnailUrl\"  \/><\/a><\/div><\/div><br \/>\n<div style='height:1px; margin-top:-50px'  class='hr hr-invisible'><span class='hr-inner' ><span class='hr-inner-style'><\/span><\/span><\/div><br \/>\n<div style='padding-bottom:0px;color:#ffffff;' class='av-special-heading av-special-heading-h3 custom-color-heading blockquote modern-quote modern-centered'><h3 class='av-special-heading-tag'  itemprop=\"headline\"  ><\/p>\n<p style=\"background-color: #c42628;\"><a href=\"https:\/\/www.reisemobile-kusz.de\/en\/fahrzeugbestand\/\">Vehicle Inventory<\/a><br \/>\n<span style=\"font-size: small;\">Camper <span class='special_amp'>&amp;<\/span> Caravan<\/span><\/p>\n<p><\/h3><div class='special-heading-border'><div class='special-heading-inner-border' style='border-color:#ffffff'><\/div><\/div><\/div><\/p><\/div>\n<div class=\"flex_column av_one_fourth  flex_column_div av-zero-column-padding\" style='border-radius:0px; '><p><div class='avia-image-container  av-styling-no-styling av-hover-grow   avia-align-center'  itemscope=\"itemscope\" itemtype=\"https:\/\/schema.org\/ImageObject\"  ><div class='avia-image-container-inner'><a href='https:\/\/www.reisemobile-kusz.de\/en\/vermietung\/' class='avia_image'   target=\"_blank\" ><img class='avia_image' src='https:\/\/www.reisemobile-kusz.de\/wp-content\/uploads\/flash_c714ga_fiat_300cmjn-845x684.jpg' alt='' title='flash_c714ga_fiat_300cmjn'  itemprop=\"thumbnailUrl\"  \/><\/a><\/div><\/div><br \/>\n<div style='height:1px; margin-top:-50px'  class='hr hr-invisible'><span class='hr-inner' ><span class='hr-inner-style'><\/span><\/span><\/div><br \/>\n<div style='padding-bottom:0px;color:#ffffff;' class='av-special-heading av-special-heading-h3 custom-color-heading blockquote modern-quote modern-centered'><h3 class='av-special-heading-tag'  itemprop=\"headline\"  ><\/p>\n<p style=\"background-color: #c42628;\"><a href=\"https:\/\/www.reisemobile-kusz.de\/en\/vermietung\/\">Rental<\/a><br \/>\n<span style=\"font-size: small;\">Rental fleet<\/span><\/p>\n<p><\/h3><div class='special-heading-border'><div class='special-heading-inner-border' style='border-color:#ffffff'><\/div><\/div><\/div><\/p><\/div>\n<div class=\"flex_column av_one_fourth  flex_column_div av-zero-column-padding\" style='border-radius:0px; '><p><div class='avia-image-container  av-styling-no-styling av-hover-grow   avia-align-center'  itemscope=\"itemscope\" itemtype=\"https:\/\/schema.org\/ImageObject\"  ><div class='avia-image-container-inner'><a href='https:\/\/www.reisemobile-kusz.de\/en\/unser-service\/' class='avia_image'   target=\"_blank\" ><img class='avia_image' src='https:\/\/www.reisemobile-kusz.de\/wp-content\/uploads\/Design-ohne-Titel-10-845x684.png' alt='' title='Design ohne Titel'  itemprop=\"thumbnailUrl\"  \/><\/a><\/div><\/div><br \/>\n<div style='height:1px; margin-top:-50px'  class='hr hr-invisible'><span class='hr-inner' ><span class='hr-inner-style'><\/span><\/span><\/div><br \/>\n<div style='padding-bottom:0px;color:#ffffff;' class='av-special-heading av-special-heading-h3 custom-color-heading blockquote modern-quote modern-centered'><h3 class='av-special-heading-tag'  itemprop=\"headline\"  ><\/p>\n<p style=\"background-color: #c42628;\"><a href=\"https:\/\/www.reisemobile-kusz.de\/en\/unser-service\/\">Workshop<\/a><br \/>\n<span style=\"font-size: small;\">Services <span class='special_amp'>&amp;<\/span> Appointment<\/span><\/p>\n<p><\/h3><div class='special-heading-border'><div class='special-heading-inner-border' style='border-color:#ffffff'><\/div><\/div><\/div><\/p><\/div>\n<div class=\"flex_column av_one_fourth  flex_column_div av-zero-column-padding\" style='border-radius:0px; '><p><div class='avia-image-container  av-styling-no-styling av-hover-grow   avia-align-center'  itemscope=\"itemscope\" itemtype=\"https:\/\/schema.org\/ImageObject\"  ><div class='avia-image-container-inner'><a href='https:\/\/www.reisemobile-kusz.de\/en\/shop\/' class='avia_image'   target=\"_blank\" ><img class='avia_image' src='https:\/\/www.reisemobile-kusz.de\/wp-content\/uploads\/Shop-Zubeh\u00f6r-845x683.jpg' alt='' title='Shop-Zubeh\u00f6r'  itemprop=\"thumbnailUrl\"  \/><\/a><\/div><\/div><br \/>\n<div style='height:1px; margin-top:-50px'  class='hr hr-invisible'><span class='hr-inner' ><span class='hr-inner-style'><\/span><\/span><\/div><br \/>\n<div style='padding-bottom:0px;color:#ffffff;' class='av-special-heading av-special-heading-h3 custom-color-heading blockquote modern-quote modern-centered'><h3 class='av-special-heading-tag'  itemprop=\"headline\"  ><\/p>\n<p style=\"background-color: #c42628;\"><a href=\"https:\/\/www.reisemobile-kusz.de\/en\/shop\/\">Shop<\/a><br \/>\n<span style=\"font-size: small;\">Online catalog<\/span><\/p>\n<p><\/h3><div class='special-heading-border'><div class='special-heading-inner-border' style='border-color:#ffffff'><\/div><\/div><\/div><\/p><\/div>\n<div style='height:100px' class='hr hr-invisible'><span class='hr-inner' ><span class='hr-inner-style'><\/span><\/span><\/div>\n<div class=\"flex_column av_one_fourth  flex_column_div av-zero-column-padding first\" style='border-radius:0px; '><\/div>\n<div class=\"flex_column av_one_fourth  flex_column_div av-zero-column-padding\" style='border-radius:0px; '><p><div style='padding-bottom:10px;color:#b02b2c;' class='av-special-heading av-special-heading-h3 custom-color-heading blockquote modern-quote'><h3 class='av-special-heading-tag'  itemprop=\"headline\"  ><b>New in our Shop<\/b><\/h3><div class='special-heading-border'><div class='special-heading-inner-border' style='border-color:#b02b2c'><\/div><\/div><\/div><br \/>\n<section class=\"av_textblock_section\"  itemscope=\"itemscope\" itemtype=\"https:\/\/schema.org\/CreativeWork\" ><div class='avia_textblock'   itemprop=\"text\" ><p>Whether aluminum or gas from a steel cylinder<\/p>\n<p>With us you will find all the camping equipment you need for a successful camping trip.<\/p>\n<\/div><\/section><\/p><\/div>\n<div class=\"flex_column av_one_fourth  flex_column_div av-zero-column-padding\" style='border-radius:0px; '><div class='avia-image-container  av-styling-no-styling    avia-align-center'  itemscope=\"itemscope\" itemtype=\"https:\/\/schema.org\/ImageObject\"  ><div class='avia-image-container-inner'><img class='avia_image' src='https:\/\/www.reisemobile-kusz.de\/wp-content\/uploads\/Startseite-29.jpg' alt='' title='Startseite'   itemprop=\"thumbnailUrl\"  \/><\/div><\/div><\/div><div class=\"flex_column av_one_fourth  flex_column_div av-zero-column-padding\" style='border-radius:0px; '><\/div><\/p>\n<div style='height:100px' class='hr hr-invisible'><span class='hr-inner' ><span class='hr-inner-style'><\/span><\/span><\/div>\n<div class=\"flex_column av_one_fourth  flex_column_div av-zero-column-padding first\" style='border-radius:0px; '><\/div>\n<div class=\"flex_column av_one_fourth  flex_column_div av-zero-column-padding\" style='border-radius:0px; '><div class='avia-image-container  av-styling-    avia-align-center'  itemscope=\"itemscope\" itemtype=\"https:\/\/schema.org\/ImageObject\"  ><div class='avia-image-container-inner'><a href='https:\/\/weinsberg.com\/' class='avia_image'   target=\"_blank\" ><img class='avia_image' src='https:\/\/www.reisemobile-kusz.de\/wp-content\/uploads\/weinsberg-logo-260x80-1.png' alt='' title='weinsberg-logo-260x80'  itemprop=\"thumbnailUrl\"  \/><\/a><\/div><\/div><\/div>\n<div class=\"flex_column av_one_fourth  flex_column_div av-zero-column-padding\" style='border-radius:0px; '><div class='avia-image-container  av-styling-    avia-align-center'  itemscope=\"itemscope\" itemtype=\"https:\/\/schema.org\/ImageObject\"  ><div class='avia-image-container-inner'><a href='https:\/\/www.chausson-reisemobile.de' class='avia_image'   target=\"_blank\" ><img class='avia_image' src='https:\/\/www.reisemobile-kusz.de\/wp-content\/uploads\/chausson-logo-1.png' alt='' title='chausson-logo'  itemprop=\"thumbnailUrl\"  \/><\/a><\/div><\/div><\/div>\n<div class=\"flex_column av_one_fourth  flex_column_div av-zero-column-padding\" style='border-radius:0px; '><\/div>","protected":false},"excerpt":{"rendered":"","protected":false},"author":1,"featured_media":0,"parent":0,"menu_order":0,"comment_status":"closed","ping_status":"closed","template":"","meta":{"content-type":"","_monsterinsights_skip_tracking":false,"_monsterinsights_sitenote_active":false,"_monsterinsights_sitenote_note":"","_monsterinsights_sitenote_category":0,"footnotes":""},"class_list":["post-15","page","type-page","status-publish","hentry"],"yoast_head":"<!-- This site is optimized with the Yoast SEO plugin v27.3 - https:\/\/yoast.com\/product\/yoast-seo-wordpress\/ -->\n<title>Reisemobile Kusz - Ihr Caravan-Fachh\u00e4ndler in G\u00f6ttingen n\u00e4he Kassel<\/title>\n<meta name=\"description\" content=\"Willkommen bei Reisemobile Kusz \u2013 bei uns finden Sie gebrauchte und neue Wohnmobile\/Wohnwagen sowie Vermietung, Campingzubeh\u00f6r und Werkstatt-Service.\" \/>\n<meta name=\"robots\" content=\"index, follow, max-snippet:-1, max-image-preview:large, max-video-preview:-1\" \/>\n<link rel=\"canonical\" href=\"https:\/\/www.reisemobile-kusz.de\/en\/home\/\" \/>\n<meta property=\"og:locale\" content=\"en_US\" \/>\n<meta property=\"og:type\" content=\"article\" \/>\n<meta property=\"og:title\" content=\"Reisemobile Kusz - Ihr Caravan-Fachh\u00e4ndler in G\u00f6ttingen n\u00e4he Kassel\" \/>\n<meta property=\"og:description\" content=\"Willkommen bei Reisemobile Kusz \u2013 bei uns finden Sie gebrauchte und neue Wohnmobile\/Wohnwagen sowie Vermietung, Campingzubeh\u00f6r und Werkstatt-Service.\" \/>\n<meta property=\"og:url\" content=\"https:\/\/www.reisemobile-kusz.de\/en\/home\/\" \/>\n<meta property=\"og:site_name\" content=\"Reisemobile Kusz\" \/>\n<meta property=\"article:publisher\" content=\"https:\/\/www.facebook.com\/ReisemobileKusz\/\" \/>\n<meta property=\"article:modified_time\" content=\"2026-04-27T06:26:54+00:00\" \/>\n<meta name=\"twitter:card\" content=\"summary_large_image\" \/>\n<meta name=\"twitter:label1\" content=\"Est. reading time\" \/>\n\t<meta name=\"twitter:data1\" content=\"12 minutes\" \/>\n<script type=\"application\/ld+json\" class=\"yoast-schema-graph\">{\"@context\":\"https:\\\/\\\/schema.org\",\"@graph\":[{\"@type\":\"WebPage\",\"@id\":\"https:\\\/\\\/www.reisemobile-kusz.de\\\/home\\\/\",\"url\":\"https:\\\/\\\/www.reisemobile-kusz.de\\\/home\\\/\",\"name\":\"Reisemobile Kusz - Ihr Caravan-Fachh\u00e4ndler in G\u00f6ttingen n\u00e4he Kassel\",\"isPartOf\":{\"@id\":\"https:\\\/\\\/www.reisemobile-kusz.de\\\/#website\"},\"datePublished\":\"2017-07-19T09:49:30+00:00\",\"dateModified\":\"2026-04-27T06:26:54+00:00\",\"description\":\"Willkommen bei Reisemobile Kusz \u2013 bei uns finden Sie gebrauchte und neue Wohnmobile\\\/Wohnwagen sowie Vermietung, Campingzubeh\u00f6r und Werkstatt-Service.\",\"breadcrumb\":{\"@id\":\"https:\\\/\\\/www.reisemobile-kusz.de\\\/home\\\/#breadcrumb\"},\"inLanguage\":\"en-US\",\"potentialAction\":[{\"@type\":\"ReadAction\",\"target\":[\"https:\\\/\\\/www.reisemobile-kusz.de\\\/home\\\/\"]}]},{\"@type\":\"BreadcrumbList\",\"@id\":\"https:\\\/\\\/www.reisemobile-kusz.de\\\/home\\\/#breadcrumb\",\"itemListElement\":[{\"@type\":\"ListItem\",\"position\":1,\"name\":\"Home\",\"item\":\"https:\\\/\\\/www.reisemobile-kusz.de\\\/home\\\/\"},{\"@type\":\"ListItem\",\"position\":2,\"name\":\"STARTSEITE\"}]},{\"@type\":\"WebSite\",\"@id\":\"https:\\\/\\\/www.reisemobile-kusz.de\\\/#website\",\"url\":\"https:\\\/\\\/www.reisemobile-kusz.de\\\/\",\"name\":\"Reisemobile Kusz\",\"description\":\"Ihr Caravan Spezialist aus G\u00f6ttingen - Verkauf, Vermietung &amp; Shop\",\"publisher\":{\"@id\":\"https:\\\/\\\/www.reisemobile-kusz.de\\\/#organization\"},\"potentialAction\":[{\"@type\":\"SearchAction\",\"target\":{\"@type\":\"EntryPoint\",\"urlTemplate\":\"https:\\\/\\\/www.reisemobile-kusz.de\\\/?s={search_term_string}\"},\"query-input\":{\"@type\":\"PropertyValueSpecification\",\"valueRequired\":true,\"valueName\":\"search_term_string\"}}],\"inLanguage\":\"en-US\"},{\"@type\":\"Organization\",\"@id\":\"https:\\\/\\\/www.reisemobile-kusz.de\\\/#organization\",\"name\":\"Reisemobile Kusz\",\"url\":\"https:\\\/\\\/www.reisemobile-kusz.de\\\/\",\"logo\":{\"@type\":\"ImageObject\",\"inLanguage\":\"en-US\",\"@id\":\"https:\\\/\\\/www.reisemobile-kusz.de\\\/#\\\/schema\\\/logo\\\/image\\\/\",\"url\":\"https:\\\/\\\/www.reisemobile-kusz.de\\\/wp-content\\\/uploads\\\/Untitled-design-2.png\",\"contentUrl\":\"https:\\\/\\\/www.reisemobile-kusz.de\\\/wp-content\\\/uploads\\\/Untitled-design-2.png\",\"width\":450,\"height\":300,\"caption\":\"Reisemobile Kusz\"},\"image\":{\"@id\":\"https:\\\/\\\/www.reisemobile-kusz.de\\\/#\\\/schema\\\/logo\\\/image\\\/\"},\"sameAs\":[\"https:\\\/\\\/www.facebook.com\\\/ReisemobileKusz\\\/\"]}]}<\/script>\n<!-- \/ Yoast SEO plugin. -->","yoast_head_json":{"title":"Reisemobile Kusz - Ihr Caravan-Fachh\u00e4ndler in G\u00f6ttingen n\u00e4he Kassel","description":"Willkommen bei Reisemobile Kusz \u2013 bei uns finden Sie gebrauchte und neue Wohnmobile\/Wohnwagen sowie Vermietung, Campingzubeh\u00f6r und Werkstatt-Service.","robots":{"index":"index","follow":"follow","max-snippet":"max-snippet:-1","max-image-preview":"max-image-preview:large","max-video-preview":"max-video-preview:-1"},"canonical":"https:\/\/www.reisemobile-kusz.de\/en\/home\/","og_locale":"en_US","og_type":"article","og_title":"Reisemobile Kusz - Ihr Caravan-Fachh\u00e4ndler in G\u00f6ttingen n\u00e4he Kassel","og_description":"Willkommen bei Reisemobile Kusz \u2013 bei uns finden Sie gebrauchte und neue Wohnmobile\/Wohnwagen sowie Vermietung, Campingzubeh\u00f6r und Werkstatt-Service.","og_url":"https:\/\/www.reisemobile-kusz.de\/en\/home\/","og_site_name":"Reisemobile Kusz","article_publisher":"https:\/\/www.facebook.com\/ReisemobileKusz\/","article_modified_time":"2026-04-27T06:26:54+00:00","twitter_card":"summary_large_image","twitter_misc":{"Est. reading time":"12 minutes"},"schema":{"@context":"https:\/\/schema.org","@graph":[{"@type":"WebPage","@id":"https:\/\/www.reisemobile-kusz.de\/home\/","url":"https:\/\/www.reisemobile-kusz.de\/home\/","name":"Reisemobile Kusz - Ihr Caravan-Fachh\u00e4ndler in G\u00f6ttingen n\u00e4he Kassel","isPartOf":{"@id":"https:\/\/www.reisemobile-kusz.de\/#website"},"datePublished":"2017-07-19T09:49:30+00:00","dateModified":"2026-04-27T06:26:54+00:00","description":"Willkommen bei Reisemobile Kusz \u2013 bei uns finden Sie gebrauchte und neue Wohnmobile\/Wohnwagen sowie Vermietung, Campingzubeh\u00f6r und Werkstatt-Service.","breadcrumb":{"@id":"https:\/\/www.reisemobile-kusz.de\/home\/#breadcrumb"},"inLanguage":"en-US","potentialAction":[{"@type":"ReadAction","target":["https:\/\/www.reisemobile-kusz.de\/home\/"]}]},{"@type":"BreadcrumbList","@id":"https:\/\/www.reisemobile-kusz.de\/home\/#breadcrumb","itemListElement":[{"@type":"ListItem","position":1,"name":"Home","item":"https:\/\/www.reisemobile-kusz.de\/home\/"},{"@type":"ListItem","position":2,"name":"STARTSEITE"}]},{"@type":"WebSite","@id":"https:\/\/www.reisemobile-kusz.de\/#website","url":"https:\/\/www.reisemobile-kusz.de\/","name":"Reisemobile Kusz","description":"Ihr Caravan Spezialist aus G\u00f6ttingen - Verkauf, Vermietung &amp; Shop","publisher":{"@id":"https:\/\/www.reisemobile-kusz.de\/#organization"},"potentialAction":[{"@type":"SearchAction","target":{"@type":"EntryPoint","urlTemplate":"https:\/\/www.reisemobile-kusz.de\/?s={search_term_string}"},"query-input":{"@type":"PropertyValueSpecification","valueRequired":true,"valueName":"search_term_string"}}],"inLanguage":"en-US"},{"@type":"Organization","@id":"https:\/\/www.reisemobile-kusz.de\/#organization","name":"Reisemobile Kusz","url":"https:\/\/www.reisemobile-kusz.de\/","logo":{"@type":"ImageObject","inLanguage":"en-US","@id":"https:\/\/www.reisemobile-kusz.de\/#\/schema\/logo\/image\/","url":"https:\/\/www.reisemobile-kusz.de\/wp-content\/uploads\/Untitled-design-2.png","contentUrl":"https:\/\/www.reisemobile-kusz.de\/wp-content\/uploads\/Untitled-design-2.png","width":450,"height":300,"caption":"Reisemobile Kusz"},"image":{"@id":"https:\/\/www.reisemobile-kusz.de\/#\/schema\/logo\/image\/"},"sameAs":["https:\/\/www.facebook.com\/ReisemobileKusz\/"]}]}},"_links":{"self":[{"href":"https:\/\/www.reisemobile-kusz.de\/en\/wp-json\/wp\/v2\/pages\/15","targetHints":{"allow":["GET"]}}],"collection":[{"href":"https:\/\/www.reisemobile-kusz.de\/en\/wp-json\/wp\/v2\/pages"}],"about":[{"href":"https:\/\/www.reisemobile-kusz.de\/en\/wp-json\/wp\/v2\/types\/page"}],"author":[{"embeddable":true,"href":"https:\/\/www.reisemobile-kusz.de\/en\/wp-json\/wp\/v2\/users\/1"}],"replies":[{"embeddable":true,"href":"https:\/\/www.reisemobile-kusz.de\/en\/wp-json\/wp\/v2\/comments?post=15"}],"version-history":[{"count":515,"href":"https:\/\/www.reisemobile-kusz.de\/en\/wp-json\/wp\/v2\/pages\/15\/revisions"}],"predecessor-version":[{"id":3393,"href":"https:\/\/www.reisemobile-kusz.de\/en\/wp-json\/wp\/v2\/pages\/15\/revisions\/3393"}],"wp:attachment":[{"href":"https:\/\/www.reisemobile-kusz.de\/en\/wp-json\/wp\/v2\/media?parent=15"}],"curies":[{"name":"wp","href":"https:\/\/api.w.org\/{rel}","templated":true}]}}